{"id":52798,"date":"2025-10-08T10:19:27","date_gmt":"2025-10-08T08:19:27","guid":{"rendered":"https:\/\/www.meco.lu\/?page_id=52798"},"modified":"2025-11-06T10:49:36","modified_gmt":"2025-11-06T08:49:36","slug":"shop","status":"publish","type":"page","link":"https:\/\/www.meco.lu\/fr\/shop\/","title":{"rendered":"Shop"},"content":{"rendered":"<div class=\"pf-content\"><h1><strong>SHOP Mouvement Ecologique<\/strong><\/h1>\n<p>Merci pour votre int\u00e9r\u00eat pour le shop du Mouvement Ecologique. Actuellement, nous proposons seulement quelques articles. Si vous \u00eates int\u00e9ress\u00e9\u00b7e par une s\u00e9rigraphie de la s\u00e9rie \u00ab Artistes pour l\u2019environnement \u00bb, n\u2019h\u00e9sitez pas \u00e0 nous contacter. Nous vous indiquerons alors quels artistes ont encore des \u0153uvres disponibles. Parmi eux : Anne Weyer, Anette Weiwers, Anne Vinck, Roland Schauls, Rolf Ball, Gast Michels (1954-2013), Isabelle Lutz (gravure), Adolphe Deville, Joseph Grosbusch (1928-2008) et Charly Reinertz.<br \/>\nNotre adresse de contact : <em><strong><span style=\"color: #339966\"><a style=\"color: #339966\" href=\"mailto:secretariat@meco.lu\">secretariat@meco.lu<\/a><\/span><\/strong><\/em><\/p>\n<p>&nbsp;<\/p>\n<p><strong>Autocollant \u00ab\u00a0Pas de pub, svp\u00a0\u00bb (keng Reklamme weg!) toujours disponible !<\/strong><br \/>\nSelon la nouvelle loi sur les d\u00e9chets, vous ne devriez plus recevoir de publicit\u00e9 \u2013 sauf si vous affichez clairement que vous en souhaitez sur votre bo\u00eete \u00e0 lettres. Toutefois, les journaux gratuits ne sont malheureusement plus consid\u00e9r\u00e9s comme de la publicit\u00e9 selon cette loi. Pour rester prudent\u00b7e, beaucoup de gens utilisent encore notre autocollant \u00ab Pas de pub, svp \u00bb sur leur bo\u00eete aux lettres.<br \/>\nVous pouvez le retirer gratuitement \u00e0 notre secr\u00e9tariat \u2013 ou nous vous l\u2019envoyons volontiers par la poste si vous le souhaitez.<br \/>\nUn petit don pour soutenir le projet est bien s\u00fbr toujours bienvenu !<br \/>\nDons :<br \/>\n\u2022 CCP : LU16 1111 0392 1729 0000<br \/>\n\u2022 BCEE : LU20 0019 1300 1122 4000<br \/>\n\u2022 Objet : Don \u00ab\u00a0Pas de pub, svp\u00a0\u00bb<br \/>\nEnvoyez simplement un e-mail \u00e0 <a href=\"mailto:secretariat@meco.lu\"><em><strong><span style=\"color: #339966\">secretariat@meco.lu<\/span><\/strong><\/em> <\/a>ou appelez-nous au (+352) 439030-1 pour en savoir plus !<\/p>\n<p>&nbsp;<\/p>\n<p><strong>Heures d\u2019ouverture :<\/strong><br \/>\nLundi \u00e0 jeudi : 8h00 \u2013 12h00 \/ 14h00 \u2013 17h00<br \/>\nVendredi : 8h00 \u2013 12h00<\/p>\n<\/div>","protected":false},"excerpt":{"rendered":"<p>SHOP Mouvement Ecologique Merci pour votre int\u00e9r\u00eat pour le shop du Mouvement Ecologique. Actuellement, nous proposons seulement quelques articles. Si vous \u00eates int\u00e9ress\u00e9\u00b7e par une s\u00e9rigraphie de la s\u00e9rie \u00ab Artistes pour l\u2019environnement \u00bb, n\u2019h\u00e9sitez pas \u00e0 nous contacter. Nous vous indiquerons alors quels artistes ont encore des \u0153uvres disponibles. Parmi eux : Anne Weyer, [&hellip;]<\/p>\n","protected":false},"author":1,"featured_media":0,"parent":0,"menu_order":0,"comment_status":"closed","ping_status":"closed","template":"","meta":{"_acf_changed":false,"footnotes":""},"class_list":["post-52798","page","type-page","status-publish","hentry"],"acf":[],"yoast_head":"<!-- This site is optimized with the Yoast SEO plugin v27.2 - https:\/\/yoast.com\/product\/yoast-seo-wordpress\/ -->\n<title>Shop - Mouvement \u00e9cologique<\/title>\n<meta name=\"robots\" content=\"index, follow, max-snippet:-1, max-image-preview:large, max-video-preview:-1\" \/>\n<link rel=\"canonical\" href=\"https:\/\/www.meco.lu\/fr\/shop\/\" \/>\n<meta property=\"og:locale\" content=\"fr_FR\" \/>\n<meta property=\"og:type\" content=\"article\" \/>\n<meta property=\"og:title\" content=\"Shop - Mouvement \u00e9cologique\" \/>\n<meta property=\"og:description\" content=\"SHOP Mouvement Ecologique Merci pour votre int\u00e9r\u00eat pour le shop du Mouvement Ecologique. Actuellement, nous proposons seulement quelques articles. Si vous \u00eates int\u00e9ress\u00e9\u00b7e par une s\u00e9rigraphie de la s\u00e9rie \u00ab Artistes pour l\u2019environnement \u00bb, n\u2019h\u00e9sitez pas \u00e0 nous contacter. Nous vous indiquerons alors quels artistes ont encore des \u0153uvres disponibles. Parmi eux : Anne Weyer, [&hellip;]\" \/>\n<meta property=\"og:url\" content=\"https:\/\/www.meco.lu\/fr\/shop\/\" \/>\n<meta property=\"og:site_name\" content=\"Mouvement \u00e9cologique\" \/>\n<meta property=\"article:modified_time\" content=\"2025-11-06T08:49:36+00:00\" \/>\n<meta name=\"twitter:card\" content=\"summary_large_image\" \/>\n<meta name=\"twitter:label1\" content=\"Dur\u00e9e de lecture estim\u00e9e\" \/>\n\t<meta name=\"twitter:data1\" content=\"2 minutes\" \/>\n<script type=\"application\/ld+json\" class=\"yoast-schema-graph\">{\"@context\":\"https:\/\/schema.org\",\"@graph\":[{\"@type\":\"WebPage\",\"@id\":\"https:\/\/www.meco.lu\/fr\/shop\/\",\"url\":\"https:\/\/www.meco.lu\/fr\/shop\/\",\"name\":\"Shop - Mouvement \u00e9cologique\",\"isPartOf\":{\"@id\":\"https:\/\/www.meco.lu\/de\/#website\"},\"datePublished\":\"2025-10-08T08:19:27+00:00\",\"dateModified\":\"2025-11-06T08:49:36+00:00\",\"breadcrumb\":{\"@id\":\"https:\/\/www.meco.lu\/fr\/shop\/#breadcrumb\"},\"inLanguage\":\"fr-FR\",\"potentialAction\":[{\"@type\":\"ReadAction\",\"target\":[\"https:\/\/www.meco.lu\/fr\/shop\/\"]}]},{\"@type\":\"BreadcrumbList\",\"@id\":\"https:\/\/www.meco.lu\/fr\/shop\/#breadcrumb\",\"itemListElement\":[{\"@type\":\"ListItem\",\"position\":1,\"name\":\"Home\",\"item\":\"https:\/\/www.meco.lu\/fr\/\"},{\"@type\":\"ListItem\",\"position\":2,\"name\":\"Shop\"}]},{\"@type\":\"WebSite\",\"@id\":\"https:\/\/www.meco.lu\/de\/#website\",\"url\":\"https:\/\/www.meco.lu\/de\/\",\"name\":\"Mouvement \u00e9cologique\",\"description\":\"\",\"potentialAction\":[{\"@type\":\"SearchAction\",\"target\":{\"@type\":\"EntryPoint\",\"urlTemplate\":\"https:\/\/www.meco.lu\/de\/?s={search_term_string}\"},\"query-input\":{\"@type\":\"PropertyValueSpecification\",\"valueRequired\":true,\"valueName\":\"search_term_string\"}}],\"inLanguage\":\"fr-FR\"}]}<\/script>\n<!-- \/ Yoast SEO plugin. -->","yoast_head_json":{"title":"Shop - Mouvement \u00e9cologique","robots":{"index":"index","follow":"follow","max-snippet":"max-snippet:-1","max-image-preview":"max-image-preview:large","max-video-preview":"max-video-preview:-1"},"canonical":"https:\/\/www.meco.lu\/fr\/shop\/","og_locale":"fr_FR","og_type":"article","og_title":"Shop - Mouvement \u00e9cologique","og_description":"SHOP Mouvement Ecologique Merci pour votre int\u00e9r\u00eat pour le shop du Mouvement Ecologique. Actuellement, nous proposons seulement quelques articles. Si vous \u00eates int\u00e9ress\u00e9\u00b7e par une s\u00e9rigraphie de la s\u00e9rie \u00ab Artistes pour l\u2019environnement \u00bb, n\u2019h\u00e9sitez pas \u00e0 nous contacter. Nous vous indiquerons alors quels artistes ont encore des \u0153uvres disponibles. Parmi eux : Anne Weyer, [&hellip;]","og_url":"https:\/\/www.meco.lu\/fr\/shop\/","og_site_name":"Mouvement \u00e9cologique","article_modified_time":"2025-11-06T08:49:36+00:00","twitter_card":"summary_large_image","twitter_misc":{"Dur\u00e9e de lecture estim\u00e9e":"2 minutes"},"schema":{"@context":"https:\/\/schema.org","@graph":[{"@type":"WebPage","@id":"https:\/\/www.meco.lu\/fr\/shop\/","url":"https:\/\/www.meco.lu\/fr\/shop\/","name":"Shop - Mouvement \u00e9cologique","isPartOf":{"@id":"https:\/\/www.meco.lu\/de\/#website"},"datePublished":"2025-10-08T08:19:27+00:00","dateModified":"2025-11-06T08:49:36+00:00","breadcrumb":{"@id":"https:\/\/www.meco.lu\/fr\/shop\/#breadcrumb"},"inLanguage":"fr-FR","potentialAction":[{"@type":"ReadAction","target":["https:\/\/www.meco.lu\/fr\/shop\/"]}]},{"@type":"BreadcrumbList","@id":"https:\/\/www.meco.lu\/fr\/shop\/#breadcrumb","itemListElement":[{"@type":"ListItem","position":1,"name":"Home","item":"https:\/\/www.meco.lu\/fr\/"},{"@type":"ListItem","position":2,"name":"Shop"}]},{"@type":"WebSite","@id":"https:\/\/www.meco.lu\/de\/#website","url":"https:\/\/www.meco.lu\/de\/","name":"Mouvement \u00e9cologique","description":"","potentialAction":[{"@type":"SearchAction","target":{"@type":"EntryPoint","urlTemplate":"https:\/\/www.meco.lu\/de\/?s={search_term_string}"},"query-input":{"@type":"PropertyValueSpecification","valueRequired":true,"valueName":"search_term_string"}}],"inLanguage":"fr-FR"}]}},"_links":{"self":[{"href":"https:\/\/www.meco.lu\/fr\/wp-json\/wp\/v2\/pages\/52798","targetHints":{"allow":["GET"]}}],"collection":[{"href":"https:\/\/www.meco.lu\/fr\/wp-json\/wp\/v2\/pages"}],"about":[{"href":"https:\/\/www.meco.lu\/fr\/wp-json\/wp\/v2\/types\/page"}],"author":[{"embeddable":true,"href":"https:\/\/www.meco.lu\/fr\/wp-json\/wp\/v2\/users\/1"}],"replies":[{"embeddable":true,"href":"https:\/\/www.meco.lu\/fr\/wp-json\/wp\/v2\/comments?post=52798"}],"version-history":[{"count":5,"href":"https:\/\/www.meco.lu\/fr\/wp-json\/wp\/v2\/pages\/52798\/revisions"}],"predecessor-version":[{"id":53160,"href":"https:\/\/www.meco.lu\/fr\/wp-json\/wp\/v2\/pages\/52798\/revisions\/53160"}],"wp:attachment":[{"href":"https:\/\/www.meco.lu\/fr\/wp-json\/wp\/v2\/media?parent=52798"}],"curies":[{"name":"wp","href":"https:\/\/api.w.org\/{rel}","templated":true}]}}