{"version":"1.0","provider_name":"Mouvement \u00e9cologique","provider_url":"https:\/\/www.meco.lu\/fr\/","author_name":"websupport","author_url":"https:\/\/www.meco.lu\/fr\/blog\/author\/websupport\/","title":"R\u00e9gionale Echternach-Mullerthal - Mouvement \u00e9cologique","type":"rich","width":600,"height":338,"html":"<blockquote class=\"wp-embedded-content\" data-secret=\"WcKcyrFfX9\"><a href=\"https:\/\/www.meco.lu\/fr\/sections-regionales\/regionale-echternach-mullerthal\/\">R\u00e9gionale Echternach-Mullerthal<\/a><\/blockquote><iframe sandbox=\"allow-scripts\" security=\"restricted\" src=\"https:\/\/www.meco.lu\/fr\/sections-regionales\/regionale-echternach-mullerthal\/embed\/#?secret=WcKcyrFfX9\" width=\"600\" height=\"338\" title=\"\u00ab\u00a0R\u00e9gionale Echternach-Mullerthal\u00a0\u00bb &#8212; Mouvement \u00e9cologique\" data-secret=\"WcKcyrFfX9\" frameborder=\"0\" marginwidth=\"0\" marginheight=\"0\" scrolling=\"no\" class=\"wp-embedded-content\"><\/iframe><script type=\"text\/javascript\">\n\/* <![CDATA[ *\/\n\/*! This file is auto-generated *\/\n!function(d,l){\"use strict\";l.querySelector&&d.addEventListener&&\"undefined\"!=typeof URL&&(d.wp=d.wp||{},d.wp.receiveEmbedMessage||(d.wp.receiveEmbedMessage=function(e){var t=e.data;if((t||t.secret||t.message||t.value)&&!\/[^a-zA-Z0-9]\/.test(t.secret)){for(var s,r,n,a=l.querySelectorAll('iframe[data-secret=\"'+t.secret+'\"]'),o=l.querySelectorAll('blockquote[data-secret=\"'+t.secret+'\"]'),c=new RegExp(\"^https?:$\",\"i\"),i=0;i<o.length;i++)o[i].style.display=\"none\";for(i=0;i<a.length;i++)s=a[i],e.source===s.contentWindow&&(s.removeAttribute(\"style\"),\"height\"===t.message?(1e3<(r=parseInt(t.value,10))?r=1e3:~~r<200&&(r=200),s.height=r):\"link\"===t.message&&(r=new URL(s.getAttribute(\"src\")),n=new URL(t.value),c.test(n.protocol))&&n.host===r.host&&l.activeElement===s&&(d.top.location.href=t.value))}},d.addEventListener(\"message\",d.wp.receiveEmbedMessage,!1),l.addEventListener(\"DOMContentLoaded\",function(){for(var e,t,s=l.querySelectorAll(\"iframe.wp-embedded-content\"),r=0;r<s.length;r++)(t=(e=s[r]).getAttribute(\"data-secret\"))||(t=Math.random().toString(36).substring(2,12),e.src+=\"#?secret=\"+t,e.setAttribute(\"data-secret\",t)),e.contentWindow.postMessage({message:\"ready\",secret:t},\"*\")},!1)))}(window,document);\n\/\/# sourceURL=https:\/\/www.meco.lu\/wp-includes\/js\/wp-embed.min.js\n\/* ]]> *\/\n<\/script>\n","description":"[vc_row][vc_column][vc_single_image image=\u00a0\u00bb983&Prime; img_size=\u00a0\u00bbfull\u00a0\u00bb title=\u00a0\u00bbR\u00e9gionale Echternach-Mullerthal\u00a0\u00bb][\/vc_column][\/vc_row][vc_row][vc_column][vc_column_text] [\/vc_column_text][\/vc_column][\/vc_row][vc_row][vc_column][vc_column_text]Section r\u00e9gionale \u00ab\u00a0M\u00ebllerdall\u00a0\u00bb &nbsp; La section r\u00e9gionale M\u00ebllerdall du Mouvement \u00c9cologique asbl souhaite soutenir toutes les personnes int\u00e9ress\u00e9es et les responsables communaux du parc naturel et g\u00e9ologique M\u00ebllerdall en leur prodiguant des conseils et en les aidant \u00e0 construire un avenir plus durable. Nous nous investissons de mani\u00e8re constructive dans [&hellip;]"}