{"version":"1.0","provider_name":"Mouvement \u00e9cologique","provider_url":"https:\/\/www.meco.lu\/fr\/","author_name":"mouvement","author_url":"https:\/\/www.meco.lu\/fr\/blog\/author\/mouvement\/","title":"C\u00e9r\u00e9monie officielle de c\u00e9l\u00e9bration des 50 ans du Mouvement Ecologique - une manifestation hors du commun et une soir\u00e9e particuli\u00e8rement r\u00e9ussie! - Mouvement \u00e9cologique","type":"rich","width":600,"height":338,"html":"<blockquote class=\"wp-embedded-content\" data-secret=\"I4dFW2ThWU\"><a href=\"https:\/\/www.meco.lu\/fr\/blog\/documentcenter\/offiziell-feier-fir-50-joer-mouvement-ecologique\/\">C\u00e9r\u00e9monie officielle de c\u00e9l\u00e9bration des 50 ans du Mouvement Ecologique &#8211; une manifestation hors du commun et une soir\u00e9e particuli\u00e8rement r\u00e9ussie!<\/a><\/blockquote><iframe sandbox=\"allow-scripts\" security=\"restricted\" src=\"https:\/\/www.meco.lu\/fr\/blog\/documentcenter\/offiziell-feier-fir-50-joer-mouvement-ecologique\/embed\/#?secret=I4dFW2ThWU\" width=\"600\" height=\"338\" title=\"\u00ab\u00a0C\u00e9r\u00e9monie officielle de c\u00e9l\u00e9bration des 50 ans du Mouvement Ecologique &#8211; une manifestation hors du commun et une soir\u00e9e particuli\u00e8rement r\u00e9ussie!\u00a0\u00bb &#8212; Mouvement \u00e9cologique\" data-secret=\"I4dFW2ThWU\" frameborder=\"0\" marginwidth=\"0\" marginheight=\"0\" scrolling=\"no\" class=\"wp-embedded-content\"><\/iframe><script type=\"text\/javascript\">\n\/* <![CDATA[ *\/\n\/*! This file is auto-generated *\/\n!function(d,l){\"use strict\";l.querySelector&&d.addEventListener&&\"undefined\"!=typeof URL&&(d.wp=d.wp||{},d.wp.receiveEmbedMessage||(d.wp.receiveEmbedMessage=function(e){var t=e.data;if((t||t.secret||t.message||t.value)&&!\/[^a-zA-Z0-9]\/.test(t.secret)){for(var s,r,n,a=l.querySelectorAll('iframe[data-secret=\"'+t.secret+'\"]'),o=l.querySelectorAll('blockquote[data-secret=\"'+t.secret+'\"]'),c=new RegExp(\"^https?:$\",\"i\"),i=0;i<o.length;i++)o[i].style.display=\"none\";for(i=0;i<a.length;i++)s=a[i],e.source===s.contentWindow&&(s.removeAttribute(\"style\"),\"height\"===t.message?(1e3<(r=parseInt(t.value,10))?r=1e3:~~r<200&&(r=200),s.height=r):\"link\"===t.message&&(r=new URL(s.getAttribute(\"src\")),n=new URL(t.value),c.test(n.protocol))&&n.host===r.host&&l.activeElement===s&&(d.top.location.href=t.value))}},d.addEventListener(\"message\",d.wp.receiveEmbedMessage,!1),l.addEventListener(\"DOMContentLoaded\",function(){for(var e,t,s=l.querySelectorAll(\"iframe.wp-embedded-content\"),r=0;r<s.length;r++)(t=(e=s[r]).getAttribute(\"data-secret\"))||(t=Math.random().toString(36).substring(2,12),e.src+=\"#?secret=\"+t,e.setAttribute(\"data-secret\",t)),e.contentWindow.postMessage({message:\"ready\",secret:t},\"*\")},!1)))}(window,document);\n\/\/# sourceURL=https:\/\/www.meco.lu\/wp-includes\/js\/wp-embed.min.js\n\/* ]]> *\/\n<\/script>\n","thumbnail_url":"https:\/\/www.meco.lu\/wp-content\/uploads\/2018\/12\/Mouvement_50-joer-buhn-news.jpg","thumbnail_width":700,"thumbnail_height":364,"description":"S\u2019il est vrai que le Mouvement Ecologique n\u2019a pas coutume de chanter ses propres louanges, il n\u2019en demeure pas moins vrai que la c\u00e9r\u00e9monie officielle organis\u00e9e pour c\u00e9l\u00e9brer son cinquantenaire donne lieu \u00e0 faire exception. &nbsp; R\u00e9sultat d\u2019un parfait m\u00e9lange de moments de r\u00e9flexion, de r\u00e9trospectives et de perspectives, d\u2019\u00e9motions, de temps forts musicaux, de [&hellip;]"}