{"version":"1.0","provider_name":"Mouvement \u00e9cologique","provider_url":"https:\/\/www.meco.lu\/de\/","author_name":"mouvement","author_url":"https:\/\/www.meco.lu\/de\/blog\/author\/mouvement\/","title":"#Together4Forests \u2013 Erfolg der B\u00fcrger:innen zum Schutz der W\u00e4lder! EU-Gesetz gestimmt - Mouvement \u00e9cologique","type":"rich","width":600,"height":338,"html":"<blockquote class=\"wp-embedded-content\" data-secret=\"RYPPfOVI7G\"><a href=\"https:\/\/www.meco.lu\/de\/blog\/documentcenter\/together4forests-thank-you\/\">#Together4Forests \u2013 Erfolg der B\u00fcrger:innen zum Schutz der W\u00e4lder! EU-Gesetz gestimmt<\/a><\/blockquote><iframe sandbox=\"allow-scripts\" security=\"restricted\" src=\"https:\/\/www.meco.lu\/de\/blog\/documentcenter\/together4forests-thank-you\/embed\/#?secret=RYPPfOVI7G\" width=\"600\" height=\"338\" title=\"&#8222;#Together4Forests \u2013 Erfolg der B\u00fcrger:innen zum Schutz der W\u00e4lder! EU-Gesetz gestimmt&#8220; &#8211; Mouvement \u00e9cologique\" data-secret=\"RYPPfOVI7G\" frameborder=\"0\" marginwidth=\"0\" marginheight=\"0\" scrolling=\"no\" class=\"wp-embedded-content\"><\/iframe><script type=\"text\/javascript\">\n\/* <![CDATA[ *\/\n\/*! This file is auto-generated *\/\n!function(d,l){\"use strict\";l.querySelector&&d.addEventListener&&\"undefined\"!=typeof URL&&(d.wp=d.wp||{},d.wp.receiveEmbedMessage||(d.wp.receiveEmbedMessage=function(e){var t=e.data;if((t||t.secret||t.message||t.value)&&!\/[^a-zA-Z0-9]\/.test(t.secret)){for(var s,r,n,a=l.querySelectorAll('iframe[data-secret=\"'+t.secret+'\"]'),o=l.querySelectorAll('blockquote[data-secret=\"'+t.secret+'\"]'),c=new RegExp(\"^https?:$\",\"i\"),i=0;i<o.length;i++)o[i].style.display=\"none\";for(i=0;i<a.length;i++)s=a[i],e.source===s.contentWindow&&(s.removeAttribute(\"style\"),\"height\"===t.message?(1e3<(r=parseInt(t.value,10))?r=1e3:~~r<200&&(r=200),s.height=r):\"link\"===t.message&&(r=new URL(s.getAttribute(\"src\")),n=new URL(t.value),c.test(n.protocol))&&n.host===r.host&&l.activeElement===s&&(d.top.location.href=t.value))}},d.addEventListener(\"message\",d.wp.receiveEmbedMessage,!1),l.addEventListener(\"DOMContentLoaded\",function(){for(var e,t,s=l.querySelectorAll(\"iframe.wp-embedded-content\"),r=0;r<s.length;r++)(t=(e=s[r]).getAttribute(\"data-secret\"))||(t=Math.random().toString(36).substring(2,12),e.src+=\"#?secret=\"+t,e.setAttribute(\"data-secret\",t)),e.contentWindow.postMessage({message:\"ready\",secret:t},\"*\")},!1)))}(window,document);\n\/\/# sourceURL=https:\/\/www.meco.lu\/wp-includes\/js\/wp-embed.min.js\n\/* ]]> *\/\n<\/script>\n","thumbnail_url":"http:\/\/www.meco.lu\/wp-content\/uploads\/2022\/12\/20221208-Header-Together-for-forest-scaled.jpg","thumbnail_width":2560,"thumbnail_height":1335,"description":"Seit 2020 haben sich \u00fcber 1,2 Millionen EU-B\u00fcrger: innen, im Rahmen der \u00f6ffentlichen Konsultation der Europ\u00e4ischen Kommission, f\u00fcr ein Gesetz eingesetzt, das den Verkauf von Produkten, die f\u00fcr die weltweite Zerst\u00f6rung und Sch\u00e4digung von W\u00e4ldern verantwortlich sind, auf dem europ\u00e4ischen Markt in Zukunft verhindern soll. Zu diesen Produkten geh\u00f6ren nicht nur Holzprodukte, sondern auch z.B. [&hellip;]"}